{"id":1164,"date":"2021-02-23T12:05:52","date_gmt":"2021-02-23T12:05:52","guid":{"rendered":"https:\/\/casa-da-avenida.pt\/historia-del-edificio\/"},"modified":"2021-03-08T18:41:58","modified_gmt":"2021-03-08T18:41:58","slug":"historia-del-edificio","status":"publish","type":"page","link":"https:\/\/casa-da-avenida.pt\/es\/historia-del-edificio\/","title":{"rendered":"Historia del edificio"},"content":{"rendered":"<p><div class=\"fusion-fullwidth fullwidth-box fusion-builder-row-1 fusion-parallax-none nonhundred-percent-fullwidth non-hundred-percent-height-scrolling fusion-equal-height-columns fusion-no-small-visibility\" style=\"--awb-border-radius-top-left:0px;--awb-border-radius-top-right:0px;--awb-border-radius-bottom-right:0px;--awb-border-radius-bottom-left:0px;--awb-background-image:url(&quot;https:\/\/casa-da-avenida.pt\/wp-content\/uploads\/2021\/03\/casa-da-avenida-lisboa-edificio-antigo-background-01.jpg&quot;);--awb-background-size:cover;--awb-flex-wrap:wrap;\" ><div class=\"fusion-builder-row fusion-row\"><div class=\"fusion-layout-column fusion_builder_column fusion-builder-column-0 fusion_builder_column_1_3 1_3 fusion-one-third fusion-column-first\" style=\"--awb-bg-size:cover;--awb-margin-bottom:0px;width:33.333333333333%;width:calc(33.333333333333% - ( ( 4% + 4% ) * 0.33333333333333 ) );margin-right: 4%;\"><div class=\"fusion-column-wrapper fusion-column-has-shadow fusion-flex-column-wrapper-legacy\"><div class=\"fusion-clearfix\"><\/div><\/div><\/div><div class=\"fusion-layout-column fusion_builder_column fusion-builder-column-1 fusion_builder_column_1_6 1_6 fusion-one-sixth\" style=\"--awb-bg-size:cover;--awb-margin-bottom:0px;width:16.666666666667%;width:calc(16.666666666667% - ( ( 4% + 4% ) * 0.16666666666667 ) );margin-right: 4%;\"><div class=\"fusion-column-wrapper fusion-column-has-shadow fusion-flex-column-wrapper-legacy\"><div class=\"fusion-column-content-centered\"><div class=\"fusion-column-content\"><div class=\"fusion-image-element fusion-image-align-right in-legacy-container\" style=\"text-align:right;--awb-max-width:60px;--awb-caption-title-font-family:var(--h2_typography-font-family);--awb-caption-title-font-weight:var(--h2_typography-font-weight);--awb-caption-title-font-style:var(--h2_typography-font-style);--awb-caption-title-size:var(--h2_typography-font-size);--awb-caption-title-transform:var(--h2_typography-text-transform);--awb-caption-title-line-height:var(--h2_typography-line-height);--awb-caption-title-letter-spacing:var(--h2_typography-letter-spacing);\"><span class=\" fusion-imageframe imageframe-none imageframe-1 hover-type-zoomin\" style=\"margin-left:25px;float:right;\"><img decoding=\"async\" width=\"200\" height=\"200\" title=\"casa-da-avenida-lisboa-boat\" src=\"https:\/\/casa-da-avenida.pt\/wp-content\/uploads\/2021\/02\/casa-da-avenida-lisboa-barco.png\" alt class=\"img-responsive wp-image-1034\" srcset=\"https:\/\/casa-da-avenida.pt\/wp-content\/uploads\/2021\/02\/casa-da-avenida-lisboa-barco-66x66.png 66w, https:\/\/casa-da-avenida.pt\/wp-content\/uploads\/2021\/02\/casa-da-avenida-lisboa-barco-150x150.png 150w, https:\/\/casa-da-avenida.pt\/wp-content\/uploads\/2021\/02\/casa-da-avenida-lisboa-barco.png 200w\" sizes=\"(max-width: 200px) 100vw, 200px\" \/><\/span><\/div><\/div><\/div><div class=\"fusion-clearfix\"><\/div><\/div><\/div><div class=\"fusion-layout-column fusion_builder_column fusion-builder-column-2 fusion_builder_column_1_2 1_2 fusion-one-half fusion-column-last\" style=\"--awb-bg-size:cover;--awb-margin-bottom:0px;width:50%;width:calc(50% - ( ( 4% + 4% ) * 0.5 ) );\"><div class=\"fusion-column-wrapper fusion-column-has-shadow fusion-flex-column-wrapper-legacy\"><div class=\"fusion-column-content-centered\"><div class=\"fusion-column-content\"><div class=\"fusion-text fusion-text-1\" style=\"--awb-content-alignment:left;\"><h4 style=\"text-align: left;\">Todo comenz\u00f3 hace mucho tiempo, cuando mi abuelo ten\u00eda solo 12 a\u00f1os y se fue solo a Brasil en barco, con la misi\u00f3n de ganarse la vida.<\/h4>\n<\/div><\/div><\/div><div class=\"fusion-clearfix\"><\/div><\/div><\/div><div class=\"fusion-layout-column fusion_builder_column fusion-builder-column-3 fusion_builder_column_1_3 1_3 fusion-one-third fusion-column-first\" style=\"--awb-bg-size:cover;--awb-margin-bottom:0px;width:33.333333333333%;width:calc(33.333333333333% - ( ( 4% + 4% ) * 0.33333333333333 ) );margin-right: 4%;\"><div class=\"fusion-column-wrapper fusion-column-has-shadow fusion-flex-column-wrapper-legacy\"><div class=\"fusion-clearfix\"><\/div><\/div><\/div><div class=\"fusion-layout-column fusion_builder_column fusion-builder-column-4 fusion_builder_column_1_6 1_6 fusion-one-sixth\" style=\"--awb-bg-size:cover;--awb-margin-bottom:0px;width:16.666666666667%;width:calc(16.666666666667% - ( ( 4% + 4% ) * 0.16666666666667 ) );margin-right: 4%;\"><div class=\"fusion-column-wrapper fusion-column-has-shadow fusion-flex-column-wrapper-legacy\"><div class=\"fusion-column-content-centered\"><div class=\"fusion-column-content\"><div class=\"fusion-image-element fusion-image-align-right in-legacy-container\" style=\"text-align:right;--awb-max-width:60px;--awb-caption-title-font-family:var(--h2_typography-font-family);--awb-caption-title-font-weight:var(--h2_typography-font-weight);--awb-caption-title-font-style:var(--h2_typography-font-style);--awb-caption-title-size:var(--h2_typography-font-size);--awb-caption-title-transform:var(--h2_typography-text-transform);--awb-caption-title-line-height:var(--h2_typography-line-height);--awb-caption-title-letter-spacing:var(--h2_typography-letter-spacing);\"><span class=\" fusion-imageframe imageframe-none imageframe-2 hover-type-zoomin\" style=\"margin-left:25px;float:right;\"><img decoding=\"async\" width=\"200\" height=\"200\" title=\"casa-da-avenida-lisboa-pasteleria\" src=\"https:\/\/casa-da-avenida.pt\/wp-content\/uploads\/2021\/02\/casa-da-avenida-lisboa-pastry.png\" alt class=\"img-responsive wp-image-1131\" srcset=\"https:\/\/casa-da-avenida.pt\/wp-content\/uploads\/2021\/02\/casa-da-avenida-lisboa-pastry-66x66.png 66w, https:\/\/casa-da-avenida.pt\/wp-content\/uploads\/2021\/02\/casa-da-avenida-lisboa-pastry-150x150.png 150w, https:\/\/casa-da-avenida.pt\/wp-content\/uploads\/2021\/02\/casa-da-avenida-lisboa-pastry.png 200w\" sizes=\"(max-width: 200px) 100vw, 200px\" \/><\/span><\/div><\/div><\/div><div class=\"fusion-clearfix\"><\/div><\/div><\/div><div class=\"fusion-layout-column fusion_builder_column fusion-builder-column-5 fusion_builder_column_1_2 1_2 fusion-one-half fusion-column-last\" style=\"--awb-bg-size:cover;--awb-margin-bottom:0px;width:50%;width:calc(50% - ( ( 4% + 4% ) * 0.5 ) );\"><div class=\"fusion-column-wrapper fusion-column-has-shadow fusion-flex-column-wrapper-legacy\"><div class=\"fusion-column-content-centered\"><div class=\"fusion-column-content\"><div class=\"fusion-text fusion-text-2\" style=\"--awb-content-alignment:left;\"><h4 style=\"text-align: left;\">Trabaj\u00f3 duro y cre\u00f3 un negocio de pasteler\u00eda.<\/h4>\n<\/div><\/div><\/div><div class=\"fusion-clearfix\"><\/div><\/div><\/div><div class=\"fusion-layout-column fusion_builder_column fusion-builder-column-6 fusion_builder_column_1_3 1_3 fusion-one-third fusion-column-first\" style=\"--awb-bg-size:cover;width:33.333333333333%;width:calc(33.333333333333% - ( ( 4% + 4% ) * 0.33333333333333 ) );margin-right: 4%;\"><div class=\"fusion-column-wrapper fusion-column-has-shadow fusion-flex-column-wrapper-legacy\"><div class=\"fusion-clearfix\"><\/div><\/div><\/div><div class=\"fusion-layout-column fusion_builder_column fusion-builder-column-7 fusion_builder_column_1_6 1_6 fusion-one-sixth\" style=\"--awb-bg-size:cover;width:16.666666666667%;width:calc(16.666666666667% - ( ( 4% + 4% ) * 0.16666666666667 ) );margin-right: 4%;\"><div class=\"fusion-column-wrapper fusion-column-has-shadow fusion-flex-column-wrapper-legacy\"><div class=\"fusion-column-content-centered\"><div class=\"fusion-column-content\"><div class=\"fusion-image-element fusion-image-align-right in-legacy-container\" style=\"text-align:right;--awb-max-width:60px;--awb-caption-title-font-family:var(--h2_typography-font-family);--awb-caption-title-font-weight:var(--h2_typography-font-weight);--awb-caption-title-font-style:var(--h2_typography-font-style);--awb-caption-title-size:var(--h2_typography-font-size);--awb-caption-title-transform:var(--h2_typography-text-transform);--awb-caption-title-line-height:var(--h2_typography-line-height);--awb-caption-title-letter-spacing:var(--h2_typography-letter-spacing);\"><span class=\" fusion-imageframe imageframe-none imageframe-3 hover-type-zoomin\" style=\"margin-left:25px;float:right;\"><img decoding=\"async\" width=\"200\" height=\"200\" title=\"casa-da-avenida-lisboa-historia-edificio\" src=\"https:\/\/casa-da-avenida.pt\/wp-content\/uploads\/2021\/02\/casa-da-avenida-lisboa-building.png\" alt class=\"img-responsive wp-image-1134\" srcset=\"https:\/\/casa-da-avenida.pt\/wp-content\/uploads\/2021\/02\/casa-da-avenida-lisboa-building-66x66.png 66w, https:\/\/casa-da-avenida.pt\/wp-content\/uploads\/2021\/02\/casa-da-avenida-lisboa-building-150x150.png 150w, https:\/\/casa-da-avenida.pt\/wp-content\/uploads\/2021\/02\/casa-da-avenida-lisboa-building.png 200w\" sizes=\"(max-width: 200px) 100vw, 200px\" \/><\/span><\/div><\/div><\/div><div class=\"fusion-clearfix\"><\/div><\/div><\/div><div class=\"fusion-layout-column fusion_builder_column fusion-builder-column-8 fusion_builder_column_1_2 1_2 fusion-one-half fusion-column-last\" style=\"--awb-bg-size:cover;width:50%;width:calc(50% - ( ( 4% + 4% ) * 0.5 ) );\"><div class=\"fusion-column-wrapper fusion-column-has-shadow fusion-flex-column-wrapper-legacy\"><div class=\"fusion-column-content-centered\"><div class=\"fusion-column-content\"><div class=\"fusion-text fusion-text-3\" style=\"--awb-content-alignment:left;\"><h4 style=\"text-align: left;\">A\u00f1os m\u00e1s tarde regres\u00f3 a Portugal y decidi\u00f3 invertir y construir el edificio.<\/h4>\n<\/div><\/div><\/div><div class=\"fusion-clearfix\"><\/div><\/div><\/div><div class=\"fusion-layout-column fusion_builder_column fusion-builder-column-9 fusion_builder_column_1_3 1_3 fusion-one-third fusion-column-first\" style=\"--awb-bg-size:cover;width:33.333333333333%;width:calc(33.333333333333% - ( ( 4% + 4% ) * 0.33333333333333 ) );margin-right: 4%;\"><div class=\"fusion-column-wrapper fusion-column-has-shadow fusion-flex-column-wrapper-legacy\"><div class=\"fusion-clearfix\"><\/div><\/div><\/div><div class=\"fusion-layout-column fusion_builder_column fusion-builder-column-10 fusion_builder_column_1_6 1_6 fusion-one-sixth\" style=\"--awb-bg-size:cover;width:16.666666666667%;width:calc(16.666666666667% - ( ( 4% + 4% ) * 0.16666666666667 ) );margin-right: 4%;\"><div class=\"fusion-column-wrapper fusion-column-has-shadow fusion-flex-column-wrapper-legacy\"><div class=\"fusion-column-content-centered\"><div class=\"fusion-column-content\"><div class=\"fusion-image-element fusion-image-align-right in-legacy-container\" style=\"text-align:right;--awb-max-width:60px;--awb-caption-title-font-family:var(--h2_typography-font-family);--awb-caption-title-font-weight:var(--h2_typography-font-weight);--awb-caption-title-font-style:var(--h2_typography-font-style);--awb-caption-title-size:var(--h2_typography-font-size);--awb-caption-title-transform:var(--h2_typography-text-transform);--awb-caption-title-line-height:var(--h2_typography-line-height);--awb-caption-title-letter-spacing:var(--h2_typography-letter-spacing);\"><span class=\" fusion-imageframe imageframe-none imageframe-4 hover-type-zoomin\" style=\"margin-left:25px;float:right;\"><img decoding=\"async\" width=\"200\" height=\"200\" title=\"casa-da-avenida-lisboa-llave-alquiler\" src=\"https:\/\/casa-da-avenida.pt\/wp-content\/uploads\/2021\/02\/casa-da-avenida-lisboa-rental-key.png\" alt class=\"img-responsive wp-image-1138\" srcset=\"https:\/\/casa-da-avenida.pt\/wp-content\/uploads\/2021\/02\/casa-da-avenida-lisboa-rental-key-66x66.png 66w, https:\/\/casa-da-avenida.pt\/wp-content\/uploads\/2021\/02\/casa-da-avenida-lisboa-rental-key-150x150.png 150w, https:\/\/casa-da-avenida.pt\/wp-content\/uploads\/2021\/02\/casa-da-avenida-lisboa-rental-key.png 200w\" sizes=\"(max-width: 200px) 100vw, 200px\" \/><\/span><\/div><\/div><\/div><div class=\"fusion-clearfix\"><\/div><\/div><\/div><div class=\"fusion-layout-column fusion_builder_column fusion-builder-column-11 fusion_builder_column_1_2 1_2 fusion-one-half fusion-column-last\" style=\"--awb-bg-size:cover;width:50%;width:calc(50% - ( ( 4% + 4% ) * 0.5 ) );\"><div class=\"fusion-column-wrapper fusion-column-has-shadow fusion-flex-column-wrapper-legacy\"><div class=\"fusion-column-content-centered\"><div class=\"fusion-column-content\"><div class=\"fusion-text fusion-text-4\" style=\"--awb-content-alignment:left;\"><h4 style=\"text-align: left;\">Durante a\u00f1os, los pisos se alquilaron a largo plazo.<\/h4>\n<\/div><\/div><\/div><div class=\"fusion-clearfix\"><\/div><\/div><\/div><\/div><\/div><div class=\"fusion-fullwidth fullwidth-box fusion-builder-row-2 nonhundred-percent-fullwidth non-hundred-percent-height-scrolling fusion-equal-height-columns fusion-no-small-visibility\" style=\"--awb-border-radius-top-left:0px;--awb-border-radius-top-right:0px;--awb-border-radius-bottom-right:0px;--awb-border-radius-bottom-left:0px;--awb-flex-wrap:wrap;\" id=\"history-building-background-fixed\" ><div class=\"fusion-builder-row fusion-row\"><div class=\"fusion-layout-column fusion_builder_column fusion-builder-column-12 fusion_builder_column_1_3 1_3 fusion-one-third fusion-column-first\" style=\"--awb-bg-size:cover;width:33.333333333333%;width:calc(33.333333333333% - ( ( 4% + 4% ) * 0.33333333333333 ) );margin-right: 4%;\"><div class=\"fusion-column-wrapper fusion-column-has-shadow fusion-flex-column-wrapper-legacy\"><div class=\"fusion-clearfix\"><\/div><\/div><\/div><div class=\"fusion-layout-column fusion_builder_column fusion-builder-column-13 fusion_builder_column_1_6 1_6 fusion-one-sixth\" style=\"--awb-bg-size:cover;width:16.666666666667%;width:calc(16.666666666667% - ( ( 4% + 4% ) * 0.16666666666667 ) );margin-right: 4%;\"><div class=\"fusion-column-wrapper fusion-column-has-shadow fusion-flex-column-wrapper-legacy\"><div class=\"fusion-column-content-centered\"><div class=\"fusion-column-content\"><div class=\"fusion-image-element fusion-image-align-right in-legacy-container\" style=\"text-align:right;--awb-max-width:60px;--awb-caption-title-font-family:var(--h2_typography-font-family);--awb-caption-title-font-weight:var(--h2_typography-font-weight);--awb-caption-title-font-style:var(--h2_typography-font-style);--awb-caption-title-size:var(--h2_typography-font-size);--awb-caption-title-transform:var(--h2_typography-text-transform);--awb-caption-title-line-height:var(--h2_typography-line-height);--awb-caption-title-letter-spacing:var(--h2_typography-letter-spacing);\"><span class=\" fusion-imageframe imageframe-none imageframe-5 hover-type-zoomin\" style=\"margin-left:25px;float:right;\"><img decoding=\"async\" width=\"200\" height=\"200\" title=\"casa-da-avenida-lisboa-edificio-generaciones\" src=\"https:\/\/casa-da-avenida.pt\/wp-content\/uploads\/2021\/02\/casa-da-avenida-lisboa-generations.png\" alt class=\"img-responsive wp-image-1142\" srcset=\"https:\/\/casa-da-avenida.pt\/wp-content\/uploads\/2021\/02\/casa-da-avenida-lisboa-generations-66x66.png 66w, https:\/\/casa-da-avenida.pt\/wp-content\/uploads\/2021\/02\/casa-da-avenida-lisboa-generations-150x150.png 150w, https:\/\/casa-da-avenida.pt\/wp-content\/uploads\/2021\/02\/casa-da-avenida-lisboa-generations.png 200w\" sizes=\"(max-width: 200px) 100vw, 200px\" \/><\/span><\/div><\/div><\/div><div class=\"fusion-clearfix\"><\/div><\/div><\/div><div class=\"fusion-layout-column fusion_builder_column fusion-builder-column-14 fusion_builder_column_1_2 1_2 fusion-one-half fusion-column-last\" style=\"--awb-bg-size:cover;width:50%;width:calc(50% - ( ( 4% + 4% ) * 0.5 ) );\"><div class=\"fusion-column-wrapper fusion-column-has-shadow fusion-flex-column-wrapper-legacy\"><div class=\"fusion-column-content-centered\"><div class=\"fusion-column-content\"><div class=\"fusion-text fusion-text-5\" style=\"--awb-content-alignment:left;\"><h4 style=\"text-align: left;\">De mi abuelo pas\u00f3 a mi padre y luego a m\u00ed.<\/h4>\n<\/div><\/div><\/div><div class=\"fusion-clearfix\"><\/div><\/div><\/div><div class=\"fusion-layout-column fusion_builder_column fusion-builder-column-15 fusion_builder_column_1_3 1_3 fusion-one-third fusion-column-first\" style=\"--awb-bg-size:cover;width:33.333333333333%;width:calc(33.333333333333% - ( ( 4% + 4% ) * 0.33333333333333 ) );margin-right: 4%;\"><div class=\"fusion-column-wrapper fusion-column-has-shadow fusion-flex-column-wrapper-legacy\"><div class=\"fusion-clearfix\"><\/div><\/div><\/div><div class=\"fusion-layout-column fusion_builder_column fusion-builder-column-16 fusion_builder_column_1_6 1_6 fusion-one-sixth\" style=\"--awb-bg-size:cover;width:16.666666666667%;width:calc(16.666666666667% - ( ( 4% + 4% ) * 0.16666666666667 ) );margin-right: 4%;\"><div class=\"fusion-column-wrapper fusion-column-has-shadow fusion-flex-column-wrapper-legacy\"><div class=\"fusion-column-content-centered\"><div class=\"fusion-column-content\"><div class=\"fusion-image-element fusion-image-align-right in-legacy-container\" style=\"text-align:right;--awb-max-width:60px;--awb-caption-title-font-family:var(--h2_typography-font-family);--awb-caption-title-font-weight:var(--h2_typography-font-weight);--awb-caption-title-font-style:var(--h2_typography-font-style);--awb-caption-title-size:var(--h2_typography-font-size);--awb-caption-title-transform:var(--h2_typography-text-transform);--awb-caption-title-line-height:var(--h2_typography-line-height);--awb-caption-title-letter-spacing:var(--h2_typography-letter-spacing);\"><span class=\" fusion-imageframe imageframe-none imageframe-6 hover-type-zoomin\" style=\"margin-left:25px;float:right;\"><img decoding=\"async\" width=\"200\" height=\"200\" title=\"casa-da-avenida-lisboa-turismo\" src=\"https:\/\/casa-da-avenida.pt\/wp-content\/uploads\/2021\/02\/casa-da-avenida-lisboa-tourism.png\" alt class=\"img-responsive wp-image-1145\" srcset=\"https:\/\/casa-da-avenida.pt\/wp-content\/uploads\/2021\/02\/casa-da-avenida-lisboa-tourism-66x66.png 66w, https:\/\/casa-da-avenida.pt\/wp-content\/uploads\/2021\/02\/casa-da-avenida-lisboa-tourism-150x150.png 150w, https:\/\/casa-da-avenida.pt\/wp-content\/uploads\/2021\/02\/casa-da-avenida-lisboa-tourism.png 200w\" sizes=\"(max-width: 200px) 100vw, 200px\" \/><\/span><\/div><\/div><\/div><div class=\"fusion-clearfix\"><\/div><\/div><\/div><div class=\"fusion-layout-column fusion_builder_column fusion-builder-column-17 fusion_builder_column_1_2 1_2 fusion-one-half fusion-column-last\" style=\"--awb-bg-size:cover;width:50%;width:calc(50% - ( ( 4% + 4% ) * 0.5 ) );\"><div class=\"fusion-column-wrapper fusion-column-has-shadow fusion-flex-column-wrapper-legacy\"><div class=\"fusion-column-content-centered\"><div class=\"fusion-column-content\"><div class=\"fusion-text fusion-text-6\" style=\"--awb-content-alignment:left;\"><h4 style=\"text-align: left;\">En 2014, cuando se desocupaba un piso, decid\u00ed testar el modo \u00abel alquiler de vacaciones\u00bb, ya que mi sue\u00f1o desde peque\u00f1a era de trabajabar con el turismo.<\/h4>\n<\/div><\/div><\/div><div class=\"fusion-clearfix\"><\/div><\/div><\/div><div class=\"fusion-layout-column fusion_builder_column fusion-builder-column-18 fusion_builder_column_1_3 1_3 fusion-one-third fusion-column-first\" style=\"--awb-bg-size:cover;width:33.333333333333%;width:calc(33.333333333333% - ( ( 4% + 4% ) * 0.33333333333333 ) );margin-right: 4%;\"><div class=\"fusion-column-wrapper fusion-column-has-shadow fusion-flex-column-wrapper-legacy\"><div class=\"fusion-clearfix\"><\/div><\/div><\/div><div class=\"fusion-layout-column fusion_builder_column fusion-builder-column-19 fusion_builder_column_1_6 1_6 fusion-one-sixth\" style=\"--awb-bg-size:cover;width:16.666666666667%;width:calc(16.666666666667% - ( ( 4% + 4% ) * 0.16666666666667 ) );margin-right: 4%;\"><div class=\"fusion-column-wrapper fusion-column-has-shadow fusion-flex-column-wrapper-legacy\"><div class=\"fusion-column-content-centered\"><div class=\"fusion-column-content\"><div class=\"fusion-image-element fusion-image-align-right in-legacy-container\" style=\"text-align:right;--awb-max-width:60px;--awb-caption-title-font-family:var(--h2_typography-font-family);--awb-caption-title-font-weight:var(--h2_typography-font-weight);--awb-caption-title-font-style:var(--h2_typography-font-style);--awb-caption-title-size:var(--h2_typography-font-size);--awb-caption-title-transform:var(--h2_typography-text-transform);--awb-caption-title-line-height:var(--h2_typography-line-height);--awb-caption-title-letter-spacing:var(--h2_typography-letter-spacing);\"><span class=\" fusion-imageframe imageframe-none imageframe-7 hover-type-zoomin\" style=\"margin-left:25px;float:right;\"><img decoding=\"async\" width=\"200\" height=\"200\" title=\"casa-da-avenida-lisboa-alquiler-estancia-corta-02\" src=\"https:\/\/casa-da-avenida.pt\/wp-content\/uploads\/2021\/02\/casa-da-avenida-lisboa-short-term-rental-02.png\" alt class=\"img-responsive wp-image-1151\" srcset=\"https:\/\/casa-da-avenida.pt\/wp-content\/uploads\/2021\/02\/casa-da-avenida-lisboa-short-term-rental-02-66x66.png 66w, https:\/\/casa-da-avenida.pt\/wp-content\/uploads\/2021\/02\/casa-da-avenida-lisboa-short-term-rental-02-150x150.png 150w, https:\/\/casa-da-avenida.pt\/wp-content\/uploads\/2021\/02\/casa-da-avenida-lisboa-short-term-rental-02.png 200w\" sizes=\"(max-width: 200px) 100vw, 200px\" \/><\/span><\/div><\/div><\/div><div class=\"fusion-clearfix\"><\/div><\/div><\/div><div class=\"fusion-layout-column fusion_builder_column fusion-builder-column-20 fusion_builder_column_1_2 1_2 fusion-one-half fusion-column-last\" style=\"--awb-bg-size:cover;width:50%;width:calc(50% - ( ( 4% + 4% ) * 0.5 ) );\"><div class=\"fusion-column-wrapper fusion-column-has-shadow fusion-flex-column-wrapper-legacy\"><div class=\"fusion-column-content-centered\"><div class=\"fusion-column-content\"><div class=\"fusion-text fusion-text-7\" style=\"--awb-content-alignment:left;\"><h4 style=\"text-align: left;\">Gradualmente, m\u00e1s pisos quedaron vacantes y los adapt\u00e9 al alquiler a corto plazo. Fue una sorpresa agradable el placer que me dio descubrir esta actividad.<\/h4>\n<\/div><\/div><\/div><div class=\"fusion-clearfix\"><\/div><\/div><\/div><div class=\"fusion-layout-column fusion_builder_column fusion-builder-column-21 fusion_builder_column_1_3 1_3 fusion-one-third fusion-column-first\" style=\"--awb-bg-size:cover;width:33.333333333333%;width:calc(33.333333333333% - ( ( 4% + 4% ) * 0.33333333333333 ) );margin-right: 4%;\"><div class=\"fusion-column-wrapper fusion-column-has-shadow fusion-flex-column-wrapper-legacy\"><div class=\"fusion-clearfix\"><\/div><\/div><\/div><div class=\"fusion-layout-column fusion_builder_column fusion-builder-column-22 fusion_builder_column_1_6 1_6 fusion-one-sixth\" style=\"--awb-bg-size:cover;width:16.666666666667%;width:calc(16.666666666667% - ( ( 4% + 4% ) * 0.16666666666667 ) );margin-right: 4%;\"><div class=\"fusion-column-wrapper fusion-column-has-shadow fusion-flex-column-wrapper-legacy\"><div class=\"fusion-column-content-centered\"><div class=\"fusion-column-content\"><div class=\"fusion-image-element fusion-image-align-right in-legacy-container\" style=\"text-align:right;--awb-max-width:60px;--awb-caption-title-font-family:var(--h2_typography-font-family);--awb-caption-title-font-weight:var(--h2_typography-font-weight);--awb-caption-title-font-style:var(--h2_typography-font-style);--awb-caption-title-size:var(--h2_typography-font-size);--awb-caption-title-transform:var(--h2_typography-text-transform);--awb-caption-title-line-height:var(--h2_typography-line-height);--awb-caption-title-letter-spacing:var(--h2_typography-letter-spacing);\"><span class=\" fusion-imageframe imageframe-none imageframe-8 hover-type-zoomin\" style=\"margin-left:25px;float:right;\"><img decoding=\"async\" width=\"200\" height=\"200\" title=\"casa-da-avenida-lisboa-alquiler-cinco-estrellas\" src=\"https:\/\/casa-da-avenida.pt\/wp-content\/uploads\/2021\/02\/casa-da-avenida-lisboa-five-star-rental.png\" alt class=\"img-responsive wp-image-1154\" srcset=\"https:\/\/casa-da-avenida.pt\/wp-content\/uploads\/2021\/02\/casa-da-avenida-lisboa-five-star-rental-66x66.png 66w, https:\/\/casa-da-avenida.pt\/wp-content\/uploads\/2021\/02\/casa-da-avenida-lisboa-five-star-rental-150x150.png 150w, https:\/\/casa-da-avenida.pt\/wp-content\/uploads\/2021\/02\/casa-da-avenida-lisboa-five-star-rental.png 200w\" sizes=\"(max-width: 200px) 100vw, 200px\" \/><\/span><\/div><\/div><\/div><div class=\"fusion-clearfix\"><\/div><\/div><\/div><div class=\"fusion-layout-column fusion_builder_column fusion-builder-column-23 fusion_builder_column_1_2 1_2 fusion-one-half fusion-column-last\" style=\"--awb-bg-size:cover;width:50%;width:calc(50% - ( ( 4% + 4% ) * 0.5 ) );\"><div class=\"fusion-column-wrapper fusion-column-has-shadow fusion-flex-column-wrapper-legacy\"><div class=\"fusion-column-content-centered\"><div class=\"fusion-column-content\"><div class=\"fusion-text fusion-text-8\" style=\"--awb-content-alignment:left;\"><h4 style=\"text-align: left;\">Dar la bienvenida a los invitados sigue siendo la mejor parte y hacerlos sentir bienvenidos y c\u00f3modos es muy gratificante.<\/h4>\n<\/div><\/div><\/div><div class=\"fusion-clearfix\"><\/div><\/div><\/div><div class=\"fusion-layout-column fusion_builder_column fusion-builder-column-24 fusion_builder_column_1_3 1_3 fusion-one-third fusion-column-first\" style=\"--awb-bg-size:cover;width:33.333333333333%;width:calc(33.333333333333% - ( ( 4% + 4% ) * 0.33333333333333 ) );margin-right: 4%;\"><div class=\"fusion-column-wrapper fusion-column-has-shadow fusion-flex-column-wrapper-legacy\"><div class=\"fusion-clearfix\"><\/div><\/div><\/div><div class=\"fusion-layout-column fusion_builder_column fusion-builder-column-25 fusion_builder_column_1_6 1_6 fusion-one-sixth\" style=\"--awb-bg-size:cover;width:16.666666666667%;width:calc(16.666666666667% - ( ( 4% + 4% ) * 0.16666666666667 ) );margin-right: 4%;\"><div class=\"fusion-column-wrapper fusion-column-has-shadow fusion-flex-column-wrapper-legacy\"><div class=\"fusion-column-content-centered\"><div class=\"fusion-column-content\"><div class=\"fusion-image-element fusion-image-align-right in-legacy-container\" style=\"text-align:right;--awb-max-width:60px;--awb-caption-title-font-family:var(--h2_typography-font-family);--awb-caption-title-font-weight:var(--h2_typography-font-weight);--awb-caption-title-font-style:var(--h2_typography-font-style);--awb-caption-title-size:var(--h2_typography-font-size);--awb-caption-title-transform:var(--h2_typography-text-transform);--awb-caption-title-line-height:var(--h2_typography-line-height);--awb-caption-title-letter-spacing:var(--h2_typography-letter-spacing);\"><span class=\" fusion-imageframe imageframe-none imageframe-9 hover-type-zoomin\" style=\"margin-left:25px;float:right;\"><img decoding=\"async\" width=\"200\" height=\"200\" title=\"casa-da-avenida-lisboa-alquiler-turistico\" src=\"https:\/\/casa-da-avenida.pt\/wp-content\/uploads\/2021\/02\/casa-da-avenida-lisboa-rental-business.png\" alt class=\"img-responsive wp-image-1157\" srcset=\"https:\/\/casa-da-avenida.pt\/wp-content\/uploads\/2021\/02\/casa-da-avenida-lisboa-rental-business-66x66.png 66w, https:\/\/casa-da-avenida.pt\/wp-content\/uploads\/2021\/02\/casa-da-avenida-lisboa-rental-business-150x150.png 150w, https:\/\/casa-da-avenida.pt\/wp-content\/uploads\/2021\/02\/casa-da-avenida-lisboa-rental-business.png 200w\" sizes=\"(max-width: 200px) 100vw, 200px\" \/><\/span><\/div><\/div><\/div><div class=\"fusion-clearfix\"><\/div><\/div><\/div><div class=\"fusion-layout-column fusion_builder_column fusion-builder-column-26 fusion_builder_column_1_2 1_2 fusion-one-half fusion-column-last\" style=\"--awb-bg-size:cover;width:50%;width:calc(50% - ( ( 4% + 4% ) * 0.5 ) );\"><div class=\"fusion-column-wrapper fusion-column-has-shadow fusion-flex-column-wrapper-legacy\"><div class=\"fusion-column-content-centered\"><div class=\"fusion-column-content\"><div class=\"fusion-text fusion-text-9\" style=\"--awb-content-alignment:left;\"><h4 style=\"text-align: left;\">En este momento, todo el edificio est\u00e1 dedicado a esta actividad que me mantiene ocupado los 7 d\u00edas de la semana.<\/h4>\n<\/div><\/div><\/div><div class=\"fusion-clearfix\"><\/div><\/div><\/div><\/div><\/div><div class=\"fusion-fullwidth fullwidth-box fusion-builder-row-3 fusion-flex-container nonhundred-percent-fullwidth non-hundred-percent-height-scrolling fusion-no-medium-visibility fusion-no-large-visibility\" style=\"--awb-border-radius-top-left:0px;--awb-border-radius-top-right:0px;--awb-border-radius-bottom-right:0px;--awb-border-radius-bottom-left:0px;--awb-flex-wrap:wrap;\" ><div class=\"fusion-builder-row fusion-row fusion-flex-align-items-flex-start fusion-flex-content-wrap\" style=\"max-width:1144px;margin-left: calc(-4% \/ 2 );margin-right: calc(-4% \/ 2 );\"><div class=\"fusion-layout-column fusion_builder_column fusion-builder-column-27 fusion_builder_column_1_1 1_1 fusion-flex-column\" style=\"--awb-bg-size:cover;--awb-width-large:100%;--awb-margin-top-large:0px;--awb-spacing-right-large:1.92%;--awb-margin-bottom-large:20px;--awb-spacing-left-large:1.92%;--awb-width-medium:100%;--awb-order-medium:0;--awb-spacing-right-medium:1.92%;--awb-spacing-left-medium:1.92%;--awb-width-small:100%;--awb-order-small:0;--awb-spacing-right-small:1.92%;--awb-spacing-left-small:1.92%;\"><div class=\"fusion-column-wrapper fusion-column-has-shadow fusion-flex-justify-content-flex-start fusion-content-layout-column\"><div class=\"fusion-image-element \" style=\"--awb-caption-title-font-family:var(--h2_typography-font-family);--awb-caption-title-font-weight:var(--h2_typography-font-weight);--awb-caption-title-font-style:var(--h2_typography-font-style);--awb-caption-title-size:var(--h2_typography-font-size);--awb-caption-title-transform:var(--h2_typography-text-transform);--awb-caption-title-line-height:var(--h2_typography-line-height);--awb-caption-title-letter-spacing:var(--h2_typography-letter-spacing);\"><span class=\" fusion-imageframe imageframe-none imageframe-10 hover-type-none\"><img decoding=\"async\" width=\"732\" height=\"1019\" title=\"casa-da-avenida-lisboa-edificio-antigo-02\" src=\"https:\/\/casa-da-avenida.pt\/wp-content\/uploads\/2021\/03\/casa-da-avenida-lisboa-edificio-antigo-02.jpg\" alt class=\"img-responsive wp-image-1486\" srcset=\"https:\/\/casa-da-avenida.pt\/wp-content\/uploads\/2021\/03\/casa-da-avenida-lisboa-edificio-antigo-02-200x278.jpg 200w, https:\/\/casa-da-avenida.pt\/wp-content\/uploads\/2021\/03\/casa-da-avenida-lisboa-edificio-antigo-02-400x557.jpg 400w, https:\/\/casa-da-avenida.pt\/wp-content\/uploads\/2021\/03\/casa-da-avenida-lisboa-edificio-antigo-02-600x835.jpg 600w, https:\/\/casa-da-avenida.pt\/wp-content\/uploads\/2021\/03\/casa-da-avenida-lisboa-edificio-antigo-02.jpg 732w\" sizes=\"(max-width: 1024px) 100vw, (max-width: 640px) 100vw, 732px\" \/><\/span><\/div><\/div><\/div><div class=\"fusion-layout-column fusion_builder_column fusion-builder-column-28 fusion_builder_column_1_1 1_1 fusion-flex-column\" style=\"--awb-bg-size:cover;--awb-width-large:100%;--awb-margin-top-large:0px;--awb-spacing-right-large:1.92%;--awb-margin-bottom-large:0px;--awb-spacing-left-large:1.92%;--awb-width-medium:100%;--awb-order-medium:0;--awb-spacing-right-medium:1.92%;--awb-spacing-left-medium:1.92%;--awb-width-small:100%;--awb-order-small:0;--awb-spacing-right-small:1.92%;--awb-spacing-left-small:1.92%;\"><div class=\"fusion-column-wrapper fusion-column-has-shadow fusion-flex-justify-content-space-evenly fusion-content-layout-column\"><div class=\"fusion-image-element \" style=\"text-align:center;--awb-max-width:60px;--awb-caption-title-font-family:var(--h2_typography-font-family);--awb-caption-title-font-weight:var(--h2_typography-font-weight);--awb-caption-title-font-style:var(--h2_typography-font-style);--awb-caption-title-size:var(--h2_typography-font-size);--awb-caption-title-transform:var(--h2_typography-text-transform);--awb-caption-title-line-height:var(--h2_typography-line-height);--awb-caption-title-letter-spacing:var(--h2_typography-letter-spacing);\"><span class=\" fusion-imageframe imageframe-none imageframe-11 hover-type-zoomin\"><img decoding=\"async\" width=\"200\" height=\"200\" title=\"casa-da-avenida-lisboa-boat\" src=\"https:\/\/casa-da-avenida.pt\/wp-content\/uploads\/2021\/02\/casa-da-avenida-lisboa-barco.png\" alt class=\"img-responsive wp-image-1034\" srcset=\"https:\/\/casa-da-avenida.pt\/wp-content\/uploads\/2021\/02\/casa-da-avenida-lisboa-barco-66x66.png 66w, https:\/\/casa-da-avenida.pt\/wp-content\/uploads\/2021\/02\/casa-da-avenida-lisboa-barco-150x150.png 150w, https:\/\/casa-da-avenida.pt\/wp-content\/uploads\/2021\/02\/casa-da-avenida-lisboa-barco.png 200w\" sizes=\"(max-width: 200px) 100vw, 200px\" \/><\/span><\/div><\/div><\/div><div class=\"fusion-layout-column fusion_builder_column fusion-builder-column-29 fusion_builder_column_1_1 1_1 fusion-flex-column\" style=\"--awb-bg-size:cover;--awb-width-large:100%;--awb-margin-top-large:0px;--awb-spacing-right-large:1.92%;--awb-margin-bottom-large:0px;--awb-spacing-left-large:1.92%;--awb-width-medium:100%;--awb-order-medium:0;--awb-spacing-right-medium:1.92%;--awb-spacing-left-medium:1.92%;--awb-width-small:100%;--awb-order-small:0;--awb-spacing-right-small:1.92%;--awb-spacing-left-small:1.92%;\"><div class=\"fusion-column-wrapper fusion-column-has-shadow fusion-flex-justify-content-space-evenly fusion-content-layout-column fusion-content-nowrap\"><div class=\"fusion-text fusion-text-10\" style=\"--awb-content-alignment:left;\"><h4 style=\"text-align: center;\">Todo comenz\u00f3 hace mucho tiempo, cuando mi abuelo ten\u00eda solo 12 a\u00f1os y se fue solo a Brasil en barco, con la misi\u00f3n de ganarse la vida.<\/h4>\n<\/div><\/div><\/div><div class=\"fusion-layout-column fusion_builder_column fusion-builder-column-30 fusion_builder_column_1_1 1_1 fusion-flex-column\" style=\"--awb-bg-size:cover;--awb-width-large:100%;--awb-margin-top-large:0px;--awb-spacing-right-large:1.92%;--awb-margin-bottom-large:0px;--awb-spacing-left-large:1.92%;--awb-width-medium:100%;--awb-order-medium:0;--awb-spacing-right-medium:1.92%;--awb-spacing-left-medium:1.92%;--awb-width-small:100%;--awb-order-small:0;--awb-spacing-right-small:1.92%;--awb-spacing-left-small:1.92%;\"><div class=\"fusion-column-wrapper fusion-column-has-shadow fusion-flex-justify-content-space-evenly fusion-content-layout-column\"><div class=\"fusion-image-element \" style=\"text-align:center;--awb-max-width:60px;--awb-caption-title-font-family:var(--h2_typography-font-family);--awb-caption-title-font-weight:var(--h2_typography-font-weight);--awb-caption-title-font-style:var(--h2_typography-font-style);--awb-caption-title-size:var(--h2_typography-font-size);--awb-caption-title-transform:var(--h2_typography-text-transform);--awb-caption-title-line-height:var(--h2_typography-line-height);--awb-caption-title-letter-spacing:var(--h2_typography-letter-spacing);\"><span class=\" fusion-imageframe imageframe-none imageframe-12 hover-type-zoomin\"><img decoding=\"async\" width=\"200\" height=\"200\" title=\"casa-da-avenida-lisboa-pasteleria\" src=\"https:\/\/casa-da-avenida.pt\/wp-content\/uploads\/2021\/02\/casa-da-avenida-lisboa-pastry.png\" alt class=\"img-responsive wp-image-1131\" srcset=\"https:\/\/casa-da-avenida.pt\/wp-content\/uploads\/2021\/02\/casa-da-avenida-lisboa-pastry-66x66.png 66w, https:\/\/casa-da-avenida.pt\/wp-content\/uploads\/2021\/02\/casa-da-avenida-lisboa-pastry-150x150.png 150w, https:\/\/casa-da-avenida.pt\/wp-content\/uploads\/2021\/02\/casa-da-avenida-lisboa-pastry.png 200w\" sizes=\"(max-width: 200px) 100vw, 200px\" \/><\/span><\/div><\/div><\/div><div class=\"fusion-layout-column fusion_builder_column fusion-builder-column-31 fusion_builder_column_1_1 1_1 fusion-flex-column\" style=\"--awb-bg-size:cover;--awb-width-large:100%;--awb-margin-top-large:0px;--awb-spacing-right-large:1.92%;--awb-margin-bottom-large:0px;--awb-spacing-left-large:1.92%;--awb-width-medium:100%;--awb-order-medium:0;--awb-spacing-right-medium:1.92%;--awb-spacing-left-medium:1.92%;--awb-width-small:100%;--awb-order-small:0;--awb-spacing-right-small:1.92%;--awb-spacing-left-small:1.92%;\"><div class=\"fusion-column-wrapper fusion-column-has-shadow fusion-flex-justify-content-space-evenly fusion-content-layout-column fusion-content-nowrap\"><div class=\"fusion-text fusion-text-11\" style=\"--awb-content-alignment:left;\"><h4 style=\"text-align: center;\">Trabaj\u00f3 duro y cre\u00f3 un negocio de pasteler\u00eda.<\/h4>\n<\/div><\/div><\/div><div class=\"fusion-layout-column fusion_builder_column fusion-builder-column-32 fusion_builder_column_1_1 1_1 fusion-flex-column\" style=\"--awb-bg-size:cover;--awb-width-large:100%;--awb-margin-top-large:0px;--awb-spacing-right-large:1.92%;--awb-margin-bottom-large:20px;--awb-spacing-left-large:1.92%;--awb-width-medium:100%;--awb-order-medium:0;--awb-spacing-right-medium:1.92%;--awb-spacing-left-medium:1.92%;--awb-width-small:100%;--awb-order-small:0;--awb-spacing-right-small:1.92%;--awb-spacing-left-small:1.92%;\"><div class=\"fusion-column-wrapper fusion-column-has-shadow fusion-flex-justify-content-space-evenly fusion-content-layout-column\"><div class=\"fusion-image-element \" style=\"text-align:center;--awb-max-width:60px;--awb-caption-title-font-family:var(--h2_typography-font-family);--awb-caption-title-font-weight:var(--h2_typography-font-weight);--awb-caption-title-font-style:var(--h2_typography-font-style);--awb-caption-title-size:var(--h2_typography-font-size);--awb-caption-title-transform:var(--h2_typography-text-transform);--awb-caption-title-line-height:var(--h2_typography-line-height);--awb-caption-title-letter-spacing:var(--h2_typography-letter-spacing);\"><span class=\" fusion-imageframe imageframe-none imageframe-13 hover-type-zoomin\"><img decoding=\"async\" width=\"200\" height=\"200\" title=\"casa-da-avenida-lisboa-historia-edificio\" src=\"https:\/\/casa-da-avenida.pt\/wp-content\/uploads\/2021\/02\/casa-da-avenida-lisboa-building.png\" alt class=\"img-responsive wp-image-1134\" srcset=\"https:\/\/casa-da-avenida.pt\/wp-content\/uploads\/2021\/02\/casa-da-avenida-lisboa-building-66x66.png 66w, https:\/\/casa-da-avenida.pt\/wp-content\/uploads\/2021\/02\/casa-da-avenida-lisboa-building-150x150.png 150w, https:\/\/casa-da-avenida.pt\/wp-content\/uploads\/2021\/02\/casa-da-avenida-lisboa-building.png 200w\" sizes=\"(max-width: 200px) 100vw, 200px\" \/><\/span><\/div><\/div><\/div><div class=\"fusion-layout-column fusion_builder_column fusion-builder-column-33 fusion_builder_column_1_1 1_1 fusion-flex-column\" style=\"--awb-bg-size:cover;--awb-width-large:100%;--awb-margin-top-large:0px;--awb-spacing-right-large:1.92%;--awb-margin-bottom-large:20px;--awb-spacing-left-large:1.92%;--awb-width-medium:100%;--awb-order-medium:0;--awb-spacing-right-medium:1.92%;--awb-spacing-left-medium:1.92%;--awb-width-small:100%;--awb-order-small:0;--awb-spacing-right-small:1.92%;--awb-spacing-left-small:1.92%;\"><div class=\"fusion-column-wrapper fusion-column-has-shadow fusion-flex-justify-content-space-evenly fusion-content-layout-column fusion-content-nowrap\"><div class=\"fusion-text fusion-text-12\" style=\"--awb-content-alignment:left;\"><h4 style=\"text-align: center;\">A\u00f1os m\u00e1s tarde regres\u00f3 a Portugal y decidi\u00f3 invertir y construir el edificio.<\/h4>\n<\/div><\/div><\/div><div class=\"fusion-layout-column fusion_builder_column fusion-builder-column-34 fusion_builder_column_1_1 1_1 fusion-flex-column\" style=\"--awb-bg-size:cover;--awb-width-large:100%;--awb-margin-top-large:0px;--awb-spacing-right-large:1.92%;--awb-margin-bottom-large:20px;--awb-spacing-left-large:1.92%;--awb-width-medium:100%;--awb-order-medium:0;--awb-spacing-right-medium:1.92%;--awb-spacing-left-medium:1.92%;--awb-width-small:100%;--awb-order-small:0;--awb-spacing-right-small:1.92%;--awb-spacing-left-small:1.92%;\"><div class=\"fusion-column-wrapper fusion-column-has-shadow fusion-flex-justify-content-space-evenly fusion-content-layout-column\"><div class=\"fusion-image-element \" style=\"text-align:center;--awb-max-width:60px;--awb-caption-title-font-family:var(--h2_typography-font-family);--awb-caption-title-font-weight:var(--h2_typography-font-weight);--awb-caption-title-font-style:var(--h2_typography-font-style);--awb-caption-title-size:var(--h2_typography-font-size);--awb-caption-title-transform:var(--h2_typography-text-transform);--awb-caption-title-line-height:var(--h2_typography-line-height);--awb-caption-title-letter-spacing:var(--h2_typography-letter-spacing);\"><span class=\" fusion-imageframe imageframe-none imageframe-14 hover-type-zoomin\"><img decoding=\"async\" width=\"200\" height=\"200\" title=\"casa-da-avenida-lisboa-llave-alquiler\" src=\"https:\/\/casa-da-avenida.pt\/wp-content\/uploads\/2021\/02\/casa-da-avenida-lisboa-rental-key.png\" alt class=\"img-responsive wp-image-1138\" srcset=\"https:\/\/casa-da-avenida.pt\/wp-content\/uploads\/2021\/02\/casa-da-avenida-lisboa-rental-key-66x66.png 66w, https:\/\/casa-da-avenida.pt\/wp-content\/uploads\/2021\/02\/casa-da-avenida-lisboa-rental-key-150x150.png 150w, https:\/\/casa-da-avenida.pt\/wp-content\/uploads\/2021\/02\/casa-da-avenida-lisboa-rental-key.png 200w\" sizes=\"(max-width: 200px) 100vw, 200px\" \/><\/span><\/div><\/div><\/div><div class=\"fusion-layout-column fusion_builder_column fusion-builder-column-35 fusion_builder_column_1_1 1_1 fusion-flex-column\" style=\"--awb-bg-size:cover;--awb-width-large:100%;--awb-margin-top-large:0px;--awb-spacing-right-large:1.92%;--awb-margin-bottom-large:20px;--awb-spacing-left-large:1.92%;--awb-width-medium:100%;--awb-order-medium:0;--awb-spacing-right-medium:1.92%;--awb-spacing-left-medium:1.92%;--awb-width-small:100%;--awb-order-small:0;--awb-spacing-right-small:1.92%;--awb-spacing-left-small:1.92%;\"><div class=\"fusion-column-wrapper fusion-column-has-shadow fusion-flex-justify-content-space-evenly fusion-content-layout-column fusion-content-nowrap\"><div class=\"fusion-text fusion-text-13\" style=\"--awb-content-alignment:left;\"><h4 style=\"text-align: center;\">Durante a\u00f1os, los pisos se alquilaron a largo plazo.<\/h4>\n<\/div><\/div><\/div><div class=\"fusion-layout-column fusion_builder_column fusion-builder-column-36 fusion_builder_column_1_1 1_1 fusion-flex-column\" style=\"--awb-bg-size:cover;--awb-width-large:100%;--awb-margin-top-large:0px;--awb-spacing-right-large:1.92%;--awb-margin-bottom-large:20px;--awb-spacing-left-large:1.92%;--awb-width-medium:100%;--awb-order-medium:0;--awb-spacing-right-medium:1.92%;--awb-spacing-left-medium:1.92%;--awb-width-small:100%;--awb-order-small:0;--awb-spacing-right-small:1.92%;--awb-spacing-left-small:1.92%;\"><div class=\"fusion-column-wrapper fusion-column-has-shadow fusion-flex-justify-content-space-evenly fusion-content-layout-column\"><div class=\"fusion-image-element \" style=\"text-align:center;--awb-max-width:60px;--awb-caption-title-font-family:var(--h2_typography-font-family);--awb-caption-title-font-weight:var(--h2_typography-font-weight);--awb-caption-title-font-style:var(--h2_typography-font-style);--awb-caption-title-size:var(--h2_typography-font-size);--awb-caption-title-transform:var(--h2_typography-text-transform);--awb-caption-title-line-height:var(--h2_typography-line-height);--awb-caption-title-letter-spacing:var(--h2_typography-letter-spacing);\"><span class=\" fusion-imageframe imageframe-none imageframe-15 hover-type-zoomin\"><img decoding=\"async\" width=\"200\" height=\"200\" title=\"casa-da-avenida-lisboa-edificio-generaciones\" src=\"https:\/\/casa-da-avenida.pt\/wp-content\/uploads\/2021\/02\/casa-da-avenida-lisboa-generations.png\" alt class=\"img-responsive wp-image-1142\" srcset=\"https:\/\/casa-da-avenida.pt\/wp-content\/uploads\/2021\/02\/casa-da-avenida-lisboa-generations-66x66.png 66w, https:\/\/casa-da-avenida.pt\/wp-content\/uploads\/2021\/02\/casa-da-avenida-lisboa-generations-150x150.png 150w, https:\/\/casa-da-avenida.pt\/wp-content\/uploads\/2021\/02\/casa-da-avenida-lisboa-generations.png 200w\" sizes=\"(max-width: 200px) 100vw, 200px\" \/><\/span><\/div><\/div><\/div><div class=\"fusion-layout-column fusion_builder_column fusion-builder-column-37 fusion_builder_column_1_1 1_1 fusion-flex-column\" style=\"--awb-bg-size:cover;--awb-width-large:100%;--awb-margin-top-large:0px;--awb-spacing-right-large:1.92%;--awb-margin-bottom-large:20px;--awb-spacing-left-large:1.92%;--awb-width-medium:100%;--awb-order-medium:0;--awb-spacing-right-medium:1.92%;--awb-spacing-left-medium:1.92%;--awb-width-small:100%;--awb-order-small:0;--awb-spacing-right-small:1.92%;--awb-spacing-left-small:1.92%;\"><div class=\"fusion-column-wrapper fusion-column-has-shadow fusion-flex-justify-content-space-evenly fusion-content-layout-column fusion-content-nowrap\"><div class=\"fusion-text fusion-text-14\" style=\"--awb-content-alignment:left;\"><h4 style=\"text-align: center;\">De mi abuelo pas\u00f3 a mi padre y luego a m\u00ed.<\/h4>\n<\/div><\/div><\/div><div class=\"fusion-layout-column fusion_builder_column fusion-builder-column-38 fusion_builder_column_1_1 1_1 fusion-flex-column\" style=\"--awb-bg-size:cover;--awb-width-large:100%;--awb-margin-top-large:0px;--awb-spacing-right-large:1.92%;--awb-margin-bottom-large:20px;--awb-spacing-left-large:1.92%;--awb-width-medium:100%;--awb-order-medium:0;--awb-spacing-right-medium:1.92%;--awb-spacing-left-medium:1.92%;--awb-width-small:100%;--awb-order-small:0;--awb-spacing-right-small:1.92%;--awb-spacing-left-small:1.92%;\"><div class=\"fusion-column-wrapper fusion-column-has-shadow fusion-flex-justify-content-space-evenly fusion-content-layout-column\"><div class=\"fusion-image-element \" style=\"text-align:center;--awb-max-width:60px;--awb-caption-title-font-family:var(--h2_typography-font-family);--awb-caption-title-font-weight:var(--h2_typography-font-weight);--awb-caption-title-font-style:var(--h2_typography-font-style);--awb-caption-title-size:var(--h2_typography-font-size);--awb-caption-title-transform:var(--h2_typography-text-transform);--awb-caption-title-line-height:var(--h2_typography-line-height);--awb-caption-title-letter-spacing:var(--h2_typography-letter-spacing);\"><span class=\" fusion-imageframe imageframe-none imageframe-16 hover-type-zoomin\"><img decoding=\"async\" width=\"200\" height=\"200\" title=\"casa-da-avenida-lisboa-turismo\" src=\"https:\/\/casa-da-avenida.pt\/wp-content\/uploads\/2021\/02\/casa-da-avenida-lisboa-tourism.png\" alt class=\"img-responsive wp-image-1145\" srcset=\"https:\/\/casa-da-avenida.pt\/wp-content\/uploads\/2021\/02\/casa-da-avenida-lisboa-tourism-66x66.png 66w, https:\/\/casa-da-avenida.pt\/wp-content\/uploads\/2021\/02\/casa-da-avenida-lisboa-tourism-150x150.png 150w, https:\/\/casa-da-avenida.pt\/wp-content\/uploads\/2021\/02\/casa-da-avenida-lisboa-tourism.png 200w\" sizes=\"(max-width: 200px) 100vw, 200px\" \/><\/span><\/div><\/div><\/div><div class=\"fusion-layout-column fusion_builder_column fusion-builder-column-39 fusion_builder_column_1_1 1_1 fusion-flex-column\" style=\"--awb-bg-size:cover;--awb-width-large:100%;--awb-margin-top-large:0px;--awb-spacing-right-large:1.92%;--awb-margin-bottom-large:20px;--awb-spacing-left-large:1.92%;--awb-width-medium:100%;--awb-order-medium:0;--awb-spacing-right-medium:1.92%;--awb-spacing-left-medium:1.92%;--awb-width-small:100%;--awb-order-small:0;--awb-spacing-right-small:1.92%;--awb-spacing-left-small:1.92%;\"><div class=\"fusion-column-wrapper fusion-column-has-shadow fusion-flex-justify-content-space-evenly fusion-content-layout-column fusion-content-nowrap\"><div class=\"fusion-text fusion-text-15\" style=\"--awb-content-alignment:left;\"><h4 style=\"text-align: center;\">En 2014, cuando se desocupaba un piso, decid\u00ed testar el modo \u00abel alquiler de vacaciones\u00bb, ya que mi sue\u00f1o desde peque\u00f1a era de trabajabar con el turismo.<\/h4>\n<\/div><\/div><\/div><div class=\"fusion-layout-column fusion_builder_column fusion-builder-column-40 fusion_builder_column_1_1 1_1 fusion-flex-column\" style=\"--awb-bg-size:cover;--awb-width-large:100%;--awb-margin-top-large:0px;--awb-spacing-right-large:1.92%;--awb-margin-bottom-large:20px;--awb-spacing-left-large:1.92%;--awb-width-medium:100%;--awb-order-medium:0;--awb-spacing-right-medium:1.92%;--awb-spacing-left-medium:1.92%;--awb-width-small:100%;--awb-order-small:0;--awb-spacing-right-small:1.92%;--awb-spacing-left-small:1.92%;\"><div class=\"fusion-column-wrapper fusion-column-has-shadow fusion-flex-justify-content-space-evenly fusion-content-layout-column\"><div class=\"fusion-image-element \" style=\"text-align:center;--awb-max-width:60px;--awb-caption-title-font-family:var(--h2_typography-font-family);--awb-caption-title-font-weight:var(--h2_typography-font-weight);--awb-caption-title-font-style:var(--h2_typography-font-style);--awb-caption-title-size:var(--h2_typography-font-size);--awb-caption-title-transform:var(--h2_typography-text-transform);--awb-caption-title-line-height:var(--h2_typography-line-height);--awb-caption-title-letter-spacing:var(--h2_typography-letter-spacing);\"><span class=\" fusion-imageframe imageframe-none imageframe-17 hover-type-zoomin\"><img decoding=\"async\" width=\"200\" height=\"200\" title=\"casa-da-avenida-lisboa-alquiler-estancia-corta-02\" src=\"https:\/\/casa-da-avenida.pt\/wp-content\/uploads\/2021\/02\/casa-da-avenida-lisboa-short-term-rental-02.png\" alt class=\"img-responsive wp-image-1151\" srcset=\"https:\/\/casa-da-avenida.pt\/wp-content\/uploads\/2021\/02\/casa-da-avenida-lisboa-short-term-rental-02-66x66.png 66w, https:\/\/casa-da-avenida.pt\/wp-content\/uploads\/2021\/02\/casa-da-avenida-lisboa-short-term-rental-02-150x150.png 150w, https:\/\/casa-da-avenida.pt\/wp-content\/uploads\/2021\/02\/casa-da-avenida-lisboa-short-term-rental-02.png 200w\" sizes=\"(max-width: 200px) 100vw, 200px\" \/><\/span><\/div><\/div><\/div><div class=\"fusion-layout-column fusion_builder_column fusion-builder-column-41 fusion_builder_column_1_1 1_1 fusion-flex-column\" style=\"--awb-bg-size:cover;--awb-width-large:100%;--awb-margin-top-large:0px;--awb-spacing-right-large:1.92%;--awb-margin-bottom-large:20px;--awb-spacing-left-large:1.92%;--awb-width-medium:100%;--awb-order-medium:0;--awb-spacing-right-medium:1.92%;--awb-spacing-left-medium:1.92%;--awb-width-small:100%;--awb-order-small:0;--awb-spacing-right-small:1.92%;--awb-spacing-left-small:1.92%;\"><div class=\"fusion-column-wrapper fusion-column-has-shadow fusion-flex-justify-content-space-evenly fusion-content-layout-column fusion-content-nowrap\"><div class=\"fusion-text fusion-text-16\" style=\"--awb-content-alignment:left;\"><h4 style=\"text-align: center;\">Gradualmente, m\u00e1s pisos quedaron vacantes y los adapt\u00e9 al alquiler a corto plazo. Fue una sorpresa agradable el placer que me dio descubrir esta actividad.<\/h4>\n<\/div><\/div><\/div><div class=\"fusion-layout-column fusion_builder_column fusion-builder-column-42 fusion_builder_column_1_1 1_1 fusion-flex-column\" style=\"--awb-bg-size:cover;--awb-width-large:100%;--awb-margin-top-large:0px;--awb-spacing-right-large:1.92%;--awb-margin-bottom-large:20px;--awb-spacing-left-large:1.92%;--awb-width-medium:100%;--awb-order-medium:0;--awb-spacing-right-medium:1.92%;--awb-spacing-left-medium:1.92%;--awb-width-small:100%;--awb-order-small:0;--awb-spacing-right-small:1.92%;--awb-spacing-left-small:1.92%;\"><div class=\"fusion-column-wrapper fusion-column-has-shadow fusion-flex-justify-content-space-evenly fusion-content-layout-column\"><div class=\"fusion-image-element \" style=\"text-align:center;--awb-max-width:60px;--awb-caption-title-font-family:var(--h2_typography-font-family);--awb-caption-title-font-weight:var(--h2_typography-font-weight);--awb-caption-title-font-style:var(--h2_typography-font-style);--awb-caption-title-size:var(--h2_typography-font-size);--awb-caption-title-transform:var(--h2_typography-text-transform);--awb-caption-title-line-height:var(--h2_typography-line-height);--awb-caption-title-letter-spacing:var(--h2_typography-letter-spacing);\"><span class=\" fusion-imageframe imageframe-none imageframe-18 hover-type-zoomin\"><img decoding=\"async\" width=\"200\" height=\"200\" title=\"casa-da-avenida-lisboa-alquiler-cinco-estrellas\" src=\"https:\/\/casa-da-avenida.pt\/wp-content\/uploads\/2021\/02\/casa-da-avenida-lisboa-five-star-rental.png\" alt class=\"img-responsive wp-image-1154\" srcset=\"https:\/\/casa-da-avenida.pt\/wp-content\/uploads\/2021\/02\/casa-da-avenida-lisboa-five-star-rental-66x66.png 66w, https:\/\/casa-da-avenida.pt\/wp-content\/uploads\/2021\/02\/casa-da-avenida-lisboa-five-star-rental-150x150.png 150w, https:\/\/casa-da-avenida.pt\/wp-content\/uploads\/2021\/02\/casa-da-avenida-lisboa-five-star-rental.png 200w\" sizes=\"(max-width: 200px) 100vw, 200px\" \/><\/span><\/div><\/div><\/div><div class=\"fusion-layout-column fusion_builder_column fusion-builder-column-43 fusion_builder_column_1_1 1_1 fusion-flex-column\" style=\"--awb-bg-size:cover;--awb-width-large:100%;--awb-margin-top-large:0px;--awb-spacing-right-large:1.92%;--awb-margin-bottom-large:20px;--awb-spacing-left-large:1.92%;--awb-width-medium:100%;--awb-order-medium:0;--awb-spacing-right-medium:1.92%;--awb-spacing-left-medium:1.92%;--awb-width-small:100%;--awb-order-small:0;--awb-spacing-right-small:1.92%;--awb-spacing-left-small:1.92%;\"><div class=\"fusion-column-wrapper fusion-column-has-shadow fusion-flex-justify-content-space-evenly fusion-content-layout-column fusion-content-nowrap\"><div class=\"fusion-text fusion-text-17\" style=\"--awb-content-alignment:left;\"><h4 style=\"text-align: center;\">Dar la bienvenida a los invitados sigue siendo la mejor parte y hacerlos sentir bienvenidos y c\u00f3modos es muy gratificante.<\/h4>\n<\/div><\/div><\/div><div class=\"fusion-layout-column fusion_builder_column fusion-builder-column-44 fusion_builder_column_1_1 1_1 fusion-flex-column\" style=\"--awb-bg-size:cover;--awb-width-large:100%;--awb-margin-top-large:0px;--awb-spacing-right-large:1.92%;--awb-margin-bottom-large:20px;--awb-spacing-left-large:1.92%;--awb-width-medium:100%;--awb-order-medium:0;--awb-spacing-right-medium:1.92%;--awb-spacing-left-medium:1.92%;--awb-width-small:100%;--awb-order-small:0;--awb-spacing-right-small:1.92%;--awb-spacing-left-small:1.92%;\"><div class=\"fusion-column-wrapper fusion-column-has-shadow fusion-flex-justify-content-space-evenly fusion-content-layout-column\"><div class=\"fusion-image-element \" style=\"text-align:center;--awb-max-width:60px;--awb-caption-title-font-family:var(--h2_typography-font-family);--awb-caption-title-font-weight:var(--h2_typography-font-weight);--awb-caption-title-font-style:var(--h2_typography-font-style);--awb-caption-title-size:var(--h2_typography-font-size);--awb-caption-title-transform:var(--h2_typography-text-transform);--awb-caption-title-line-height:var(--h2_typography-line-height);--awb-caption-title-letter-spacing:var(--h2_typography-letter-spacing);\"><span class=\" fusion-imageframe imageframe-none imageframe-19 hover-type-zoomin\"><img decoding=\"async\" width=\"200\" height=\"200\" title=\"casa-da-avenida-lisboa-alquiler-turistico\" src=\"https:\/\/casa-da-avenida.pt\/wp-content\/uploads\/2021\/02\/casa-da-avenida-lisboa-rental-business.png\" alt class=\"img-responsive wp-image-1157\" srcset=\"https:\/\/casa-da-avenida.pt\/wp-content\/uploads\/2021\/02\/casa-da-avenida-lisboa-rental-business-66x66.png 66w, https:\/\/casa-da-avenida.pt\/wp-content\/uploads\/2021\/02\/casa-da-avenida-lisboa-rental-business-150x150.png 150w, https:\/\/casa-da-avenida.pt\/wp-content\/uploads\/2021\/02\/casa-da-avenida-lisboa-rental-business.png 200w\" sizes=\"(max-width: 200px) 100vw, 200px\" \/><\/span><\/div><\/div><\/div><div class=\"fusion-layout-column fusion_builder_column fusion-builder-column-45 fusion_builder_column_1_1 1_1 fusion-flex-column\" style=\"--awb-bg-size:cover;--awb-width-large:100%;--awb-margin-top-large:0px;--awb-spacing-right-large:1.92%;--awb-margin-bottom-large:20px;--awb-spacing-left-large:1.92%;--awb-width-medium:100%;--awb-order-medium:0;--awb-spacing-right-medium:1.92%;--awb-spacing-left-medium:1.92%;--awb-width-small:100%;--awb-order-small:0;--awb-spacing-right-small:1.92%;--awb-spacing-left-small:1.92%;\"><div class=\"fusion-column-wrapper fusion-column-has-shadow fusion-flex-justify-content-space-evenly fusion-content-layout-column fusion-content-nowrap\"><div class=\"fusion-text fusion-text-18\" style=\"--awb-content-alignment:left;\"><h4 style=\"text-align: center;\">En este momento, todo el edificio est\u00e1 dedicado a esta actividad que me mantiene ocupado los 7 d\u00edas de la semana.<\/h4>\n<\/div><\/div><\/div><\/div><\/div><\/p>\n","protected":false},"excerpt":{"rendered":"","protected":false},"author":1,"featured_media":0,"parent":0,"menu_order":0,"comment_status":"closed","ping_status":"closed","template":"","meta":{"footnotes":""},"class_list":["post-1164","page","type-page","status-publish","hentry"],"_links":{"self":[{"href":"https:\/\/casa-da-avenida.pt\/es\/wp-json\/wp\/v2\/pages\/1164","targetHints":{"allow":["GET"]}}],"collection":[{"href":"https:\/\/casa-da-avenida.pt\/es\/wp-json\/wp\/v2\/pages"}],"about":[{"href":"https:\/\/casa-da-avenida.pt\/es\/wp-json\/wp\/v2\/types\/page"}],"author":[{"embeddable":true,"href":"https:\/\/casa-da-avenida.pt\/es\/wp-json\/wp\/v2\/users\/1"}],"replies":[{"embeddable":true,"href":"https:\/\/casa-da-avenida.pt\/es\/wp-json\/wp\/v2\/comments?post=1164"}],"version-history":[{"count":5,"href":"https:\/\/casa-da-avenida.pt\/es\/wp-json\/wp\/v2\/pages\/1164\/revisions"}],"predecessor-version":[{"id":1489,"href":"https:\/\/casa-da-avenida.pt\/es\/wp-json\/wp\/v2\/pages\/1164\/revisions\/1489"}],"wp:attachment":[{"href":"https:\/\/casa-da-avenida.pt\/es\/wp-json\/wp\/v2\/media?parent=1164"}],"curies":[{"name":"wp","href":"https:\/\/api.w.org\/{rel}","templated":true}]}}