{"id":815,"date":"2018-11-17T19:03:41","date_gmt":"2018-11-17T19:03:41","guid":{"rendered":"https:\/\/casa-da-avenida.pt\/contacto\/"},"modified":"2025-01-21T11:59:10","modified_gmt":"2025-01-21T11:59:10","slug":"contacto","status":"publish","type":"page","link":"https:\/\/casa-da-avenida.pt\/es\/contacto\/","title":{"rendered":"CONTACTO"},"content":{"rendered":"<p><div class=\"fusion-fullwidth fullwidth-box fusion-builder-row-1 hundred-percent-fullwidth non-hundred-percent-height-scrolling\" style=\"--awb-border-radius-top-left:0px;--awb-border-radius-top-right:0px;--awb-border-radius-bottom-right:0px;--awb-border-radius-bottom-left:0px;--awb-padding-right:0px;--awb-padding-left:0px;--awb-flex-wrap:wrap;\" ><div class=\"fusion-builder-row fusion-row\"><div class=\"fusion-layout-column fusion_builder_column fusion-builder-column-0 fusion_builder_column_1_1 1_1 fusion-one-full fusion-column-first fusion-column-last\" style=\"--awb-bg-size:cover;\"><div class=\"fusion-column-wrapper fusion-flex-column-wrapper-legacy\"><iframe style=\"border: 0;\" src=\"https:\/\/www.google.com\/maps\/embed?pb=!1m18!1m12!1m3!1d11180.984979528894!2d-9.139702744271796!3d38.73420041394151!2m3!1f0!2f0!3f0!3m2!1i1024!2i768!4f13.1!3m3!1m2!1s0xd1933bd4c186d45:0xc6b52638268cd52b!2sCasa+da+Avenida!5e0!3m2!1spt-PT!2ses!4v1521967866199\" width=\"100%\" height=\"350\" frameborder=\"0\" allowfullscreen=\"allowfullscreen\"><\/iframe><div class=\"fusion-clearfix\"><\/div><\/div><\/div><\/div><\/div><div class=\"fusion-fullwidth fullwidth-box fusion-builder-row-2 nonhundred-percent-fullwidth non-hundred-percent-height-scrolling fusion-no-small-visibility\" style=\"--awb-border-radius-top-left:0px;--awb-border-radius-top-right:0px;--awb-border-radius-bottom-right:0px;--awb-border-radius-bottom-left:0px;--awb-flex-wrap:wrap;\" ><div class=\"fusion-builder-row fusion-row\"><div class=\"fusion-layout-column fusion_builder_column fusion-builder-column-1 fusion_builder_column_1_1 1_1 fusion-one-full fusion-column-first fusion-column-last\" style=\"--awb-bg-size:cover;\"><div class=\"fusion-column-wrapper fusion-flex-column-wrapper-legacy\"><div class=\"fusion-text fusion-text-1\"><h1 style=\"text-align: center;\"><span style=\"color: #f9af18;\">Excelente ubicaci\u00f3n en el centro de Lisboa<\/span><\/h1>\n<\/div><div class=\"fusion-clearfix\"><\/div><\/div><\/div><div class=\"fusion-layout-column fusion_builder_column fusion-builder-column-2 fusion_builder_column_1_3 1_3 fusion-one-third fusion-column-first\" style=\"--awb-padding-top:50px;--awb-padding-right:30px;--awb-padding-bottom:30px;--awb-padding-left:30px;--awb-bg-color:#ffffff;--awb-bg-color-hover:#ffffff;--awb-bg-size:cover;--awb-border-color:#f9af18;--awb-border-top:1px;--awb-border-right:1px;--awb-border-bottom:1px;--awb-border-left:1px;--awb-border-style:solid;width:33.333333333333%;width:calc(33.333333333333% - ( ( 4% + 4% ) * 0.33333333333333 ) );margin-right: 4%;\"><div class=\"fusion-column-wrapper fusion-flex-column-wrapper-legacy\"><div class=\"fusion-text fusion-text-2\"><p style=\"text-align: center;\">Persona de contacto<br \/>\n<strong>Margarida Ruela<\/strong><\/p>\n<p style=\"text-align: center;\">Direcci\u00f3n:<br \/>\n<strong>Avenida Almirante Reis 189 1\u00ba, 2\u00ba, 3\u00ba e 4\u00ba<\/strong><br \/>\n<strong> Lisboa, Portugal<\/strong><\/p>\n<p style=\"text-align: center;\">Tel\u00e9fono:<br \/>\n<strong>+351 919846592<br \/>\nllamada a red m\u00f3vil nacional<br \/>\n<\/strong><\/p>\n<p style=\"text-align: center;\">Correo electr\u00f3nico:<a href=\"mailto:info@casa-da-avenida.pt\">\u00a0info@casa-da-avenida.pt<\/a><br \/>\nweb:\u00a0<a href=\"http:\/\/www.casa-da-avenida.pt\/\" target=\"_blank\" rel=\"noopener\">www.casa-da-avenida.pt<\/a><\/p>\n<\/div><div class=\"fusion-clearfix\"><\/div><\/div><\/div><div class=\"fusion-layout-column fusion_builder_column fusion-builder-column-3 fusion_builder_column_1_3 1_3 fusion-one-third\" style=\"--awb-padding-top:30px;--awb-bg-size:cover;width:33.333333333333%;width:calc(33.333333333333% - ( ( 4% + 4% ) * 0.33333333333333 ) );margin-right: 4%;\"><div class=\"fusion-column-wrapper fusion-flex-column-wrapper-legacy\"><div class=\"fusion-text fusion-text-3\"><h4 style=\"text-align: left;\"><strong>C\u00f3mo llegar desde el aeropuerto de Lisboa:<\/strong><\/h4>\n<p><strong>Transporte privado en camioneta, disponible:<\/strong> El conductor se encuentra con usted dentro de la terminal, justo a salida de la aduana, y lo trae directamente aqu\u00ed.<\/p>\n<p style=\"text-align: left;\"><strong>En metro: <\/strong>Para llegar en metro, su l\u00ednea directa a la estaci\u00f3n de Alameda, una vez all\u00ed, salga hacia el parque, luego baje la avenida 200 metros (acera derecha) y llega aqu\u00ed.<\/p>\n<p style=\"text-align: left;\"><strong>En taxi debe costar alrededor de 15 \u20ac, \u00a1pero solicite un recibo!<br \/>\n<\/strong><br \/>\n<strong>Desde el aeropuerto en coche, esta es el camino:<\/strong> <a href=\"https:\/\/goo.gl\/maps\/gHoopjHCAut\" target=\"_blank\" rel=\"noopener\">https:\/\/goo.gl\/maps\/gHoopjHCAut<\/a><\/p>\n<p><strong>Entrega\/recogida de equipajes:<\/strong> <a href=\"http:\/\/www.luggit.app\/es\/partner\/casa-da-avenida\">www.luggit.app\/es\/partner\/casa-da-avenida<\/a><\/p>\n<\/div><div class=\"fusion-clearfix\"><\/div><\/div><\/div><div class=\"fusion-layout-column fusion_builder_column fusion-builder-column-4 fusion_builder_column_1_3 1_3 fusion-one-third fusion-column-last\" style=\"--awb-padding-top:30px;--awb-bg-size:cover;width:33.333333333333%;width:calc(33.333333333333% - ( ( 4% + 4% ) * 0.33333333333333 ) );\"><div class=\"fusion-column-wrapper fusion-flex-column-wrapper-legacy\"><div class=\"fusion-text fusion-text-4\"><h4 style=\"text-align: left;\"><strong>C\u00f3mo llegar desde las estaciones de Santa Apol\u00f3nia o Oriente:<br \/>\n<\/strong><br \/>\n<strong>En Metro:\u00a0<\/strong>ALAMEDA<\/h4>\n<p style=\"text-align: left;\">Si tienes dudas, no dudes en contactarnos por e-mail o rellenando el formulario abajo.<\/p>\n<p style=\"text-align: left;\"><span style=\"color: #f9af18;\">Nos vemos pronto y \u00a1buen viaje!<\/span><\/p>\n<\/div><div class=\"fusion-clearfix\"><\/div><\/div><\/div><\/div><\/div><div class=\"fusion-fullwidth fullwidth-box fusion-builder-row-3 nonhundred-percent-fullwidth non-hundred-percent-height-scrolling fusion-no-medium-visibility fusion-no-large-visibility\" style=\"--awb-border-radius-top-left:0px;--awb-border-radius-top-right:0px;--awb-border-radius-bottom-right:0px;--awb-border-radius-bottom-left:0px;--awb-flex-wrap:wrap;\" ><div class=\"fusion-builder-row fusion-row\"><div class=\"fusion-layout-column fusion_builder_column fusion-builder-column-5 fusion_builder_column_1_1 1_1 fusion-one-full fusion-column-first fusion-column-last\" style=\"--awb-bg-size:cover;\"><div class=\"fusion-column-wrapper fusion-flex-column-wrapper-legacy\"><div class=\"fusion-text fusion-text-5\"><h1 style=\"text-align: center;\"><span style=\"color: #f9af18;\">Excelente ubicaci\u00f3n en el centro de Lisboa<\/span><\/h1>\n<\/div><div class=\"fusion-clearfix\"><\/div><\/div><\/div><div class=\"fusion-layout-column fusion_builder_column fusion-builder-column-6 fusion_builder_column_1_1 1_1 fusion-one-full fusion-column-first fusion-column-last\" style=\"--awb-padding-top:50px;--awb-padding-right:30px;--awb-padding-bottom:30px;--awb-padding-left:30px;--awb-bg-color:#ffffff;--awb-bg-color-hover:#ffffff;--awb-bg-size:cover;--awb-border-color:#f9af18;--awb-border-top:1px;--awb-border-right:1px;--awb-border-bottom:1px;--awb-border-left:1px;--awb-border-style:solid;\"><div class=\"fusion-column-wrapper fusion-flex-column-wrapper-legacy\"><div class=\"fusion-text fusion-text-6\"><p style=\"text-align: center;\">Persona de contacto:<br \/>\n<strong>Margarida Ruela<\/strong><\/p>\n<p style=\"text-align: center;\">Direcci\u00f3n:<br \/>\n<strong>Avenida Almirante Reis 189 1\u00ba, 3\u00ba e 4\u00ba<\/strong><br \/>\n<strong> Lisboa, Portugal<\/strong><\/p>\n<p style=\"text-align: center;\">Tel\u00e9fono:<br \/>\n<strong>+351 919846592<br \/>\nllamada a red m\u00f3vil nacional<br \/>\n<\/strong><\/p>\n<p style=\"text-align: center;\">Correo electr\u00f3nico:\u00a0<a href=\"mailto:info@casa-da-avenida.pt\">info@casa-da-avenida.pt<\/a><br \/>\nweb:\u00a0<a href=\"http:\/\/www.casa-da-avenida.pt\/\" target=\"_blank\" rel=\"noopener\">www.casa-da-avenida.pt<\/a><\/p>\n<\/div><div class=\"fusion-clearfix\"><\/div><\/div><\/div><div class=\"fusion-layout-column fusion_builder_column fusion-builder-column-7 fusion_builder_column_1_1 1_1 fusion-one-full fusion-column-first fusion-column-last\" style=\"--awb-padding-top:30px;--awb-bg-size:cover;--awb-margin-bottom:0px;\"><div class=\"fusion-column-wrapper fusion-flex-column-wrapper-legacy\"><div class=\"fusion-text fusion-text-7\"><p style=\"text-align: left;\"><span style=\"color: #f9af18;\"><strong>C\u00f3mo llegar al apartamento desde el aeropuerto de Lisboa:<\/strong><\/span><\/p>\n<p style=\"text-align: left;\"><strong>En Metro:\u00a0<\/strong>ALAMEDA<br \/>\n(Alrededor de 15 min.)<br \/>\nDentro del aeropuerto hay una estaci\u00f3n de metro.<\/p>\n<p style=\"text-align: left;\"><strong>En Taxi:<\/strong><br \/>\nSi optas por coger un taxi, el conductor conocer\u00e1 la calle ya que se trata de una de la principales de la ciudad. P\u00eddele al conductor que vaya por la Pra\u00e7a do Areeiro y que continue hasta la Avenida Almirante Reis.<\/p>\n<p style=\"text-align: left;\"><span style=\"color: #f9af18;\"><strong>Attention!<\/strong><\/span><em><br \/>\n<\/em>El trayecto no deber\u00e1 superar los 10\u20ac.<\/p>\n<\/div><div class=\"fusion-clearfix\"><\/div><\/div><\/div><div class=\"fusion-layout-column fusion_builder_column fusion-builder-column-8 fusion_builder_column_1_1 1_1 fusion-one-full fusion-column-first fusion-column-last\" style=\"--awb-padding-top:10px;--awb-bg-size:cover;\"><div class=\"fusion-column-wrapper fusion-flex-column-wrapper-legacy\"><div class=\"fusion-text fusion-text-8\"><p style=\"text-align: left;\"><span style=\"color: #f9af18;\"><strong>C\u00f3mo llegar al apartamento desde Santa Apol\u00f3nia o desde la estaci\u00f3n de trenes de Oriente:<br \/>\n<\/strong><\/span><br \/>\n<strong>En Metro:\u00a0<\/strong>ALAMEDA<\/p>\n<p style=\"text-align: left;\">Si te surge cualquier duda, no dudes en contactar conmigo a trav\u00e9s del correo electr\u00f3nico, del chat online o del siguiente formulario.<\/p>\n<p style=\"text-align: left;\"><span style=\"color: #f9af18;\">\u00a1Hasta pronto, y que tengas buen viaje!<\/span><\/p>\n<\/div><div class=\"fusion-clearfix\"><\/div><\/div><\/div><\/div><\/div><div class=\"fusion-fullwidth fullwidth-box fusion-builder-row-4 nonhundred-percent-fullwidth non-hundred-percent-height-scrolling fusion-no-small-visibility\" style=\"--awb-border-radius-top-left:0px;--awb-border-radius-top-right:0px;--awb-border-radius-bottom-right:0px;--awb-border-radius-bottom-left:0px;--awb-margin-top:60px;--awb-margin-bottom:40px;--awb-flex-wrap:wrap;\" ><div class=\"fusion-builder-row fusion-row\"><div class=\"fusion-layout-column fusion_builder_column fusion-builder-column-9 fusion_builder_column_1_1 1_1 fusion-one-full fusion-column-first fusion-column-last\" style=\"--awb-bg-size:cover;\"><div class=\"fusion-column-wrapper fusion-flex-column-wrapper-legacy\"><div class=\"fusion-column-content-centered\"><div class=\"fusion-column-content\"><div class=\"fusion-button-wrapper fusion-aligncenter\"><a class=\"fusion-button button-flat button-large button-default fusion-button-default button-1 fusion-button-default-span fusion-button-default-type\" style=\"--button-border-radius-top-left:25px;--button-border-radius-top-right:25px;--button-border-radius-bottom-right:25px;--button-border-radius-bottom-left:25px;\" target=\"_self\" href=\"mailto:info@casa-da-avenida.pt\"><i class=\"fa-bed fas awb-button__icon awb-button__icon--default button-icon-left\" aria-hidden=\"true\"><\/i><span class=\"fusion-button-text awb-button__text awb-button__text--default\">Pincha aqu\u00ed para hacer tu reserva<\/span><\/a><\/div><\/div><\/div><div class=\"fusion-clearfix\"><\/div><\/div><\/div><\/div><\/div><div class=\"fusion-fullwidth fullwidth-box fusion-builder-row-5 nonhundred-percent-fullwidth non-hundred-percent-height-scrolling fusion-no-medium-visibility fusion-no-large-visibility\" style=\"--awb-border-radius-top-left:0px;--awb-border-radius-top-right:0px;--awb-border-radius-bottom-right:0px;--awb-border-radius-bottom-left:0px;--awb-margin-top:0px;--awb-margin-bottom:40px;--awb-flex-wrap:wrap;\" ><div class=\"fusion-builder-row fusion-row\"><div class=\"fusion-layout-column fusion_builder_column fusion-builder-column-10 fusion_builder_column_1_1 1_1 fusion-one-full fusion-column-first fusion-column-last\" style=\"--awb-bg-size:cover;\"><div class=\"fusion-column-wrapper fusion-flex-column-wrapper-legacy\"><div class=\"fusion-column-content-centered\"><div class=\"fusion-column-content\"><div class=\"fusion-button-wrapper fusion-aligncenter\"><a class=\"fusion-button button-flat button-large button-default fusion-button-default button-2 fusion-button-default-span fusion-button-default-type\" target=\"_self\" href=\"mailto:info@casa-da-avenida.pt\"><i class=\"fa-bed fas awb-button__icon awb-button__icon--default button-icon-left\" aria-hidden=\"true\"><\/i><span class=\"fusion-button-text awb-button__text awb-button__text--default\">Pincha aqu\u00ed para hacer tu reserva<\/span><\/a><\/div><\/div><\/div><div class=\"fusion-clearfix\"><\/div><\/div><\/div><\/div><\/div><div class=\"fusion-fullwidth fullwidth-box fusion-builder-row-6 hundred-percent-fullwidth non-hundred-percent-height-scrolling\" style=\"--awb-border-radius-top-left:0px;--awb-border-radius-top-right:0px;--awb-border-radius-bottom-right:0px;--awb-border-radius-bottom-left:0px;--awb-padding-right:0px;--awb-padding-left:0px;--awb-flex-wrap:wrap;\" ><div class=\"fusion-builder-row fusion-row\"><div class=\"fusion-layout-column fusion_builder_column fusion-builder-column-11 fusion_builder_column_1_1 1_1 fusion-one-full fusion-column-first fusion-column-last\" style=\"--awb-bg-size:cover;\"><div class=\"fusion-column-wrapper fusion-flex-column-wrapper-legacy\"><div class=\"fusion-sep-clear\"><\/div><div class=\"fusion-separator fusion-full-width-sep\" style=\"margin-left: auto;margin-right: auto;width:100%;max-width:100%;\"><div class=\"fusion-separator-border sep-single sep-solid\" style=\"--awb-height:20px;--awb-amount:20px;--awb-sep-color:#f9af18;border-color:#f9af18;border-top-width:1px;\"><\/div><\/div><div class=\"fusion-sep-clear\"><\/div><div class=\"fusion-clearfix\"><\/div><\/div><\/div><\/div><\/div><div class=\"fusion-fullwidth fullwidth-box fusion-builder-row-7 nonhundred-percent-fullwidth non-hundred-percent-height-scrolling fusion-no-small-visibility\" style=\"--awb-border-radius-top-left:0px;--awb-border-radius-top-right:0px;--awb-border-radius-bottom-right:0px;--awb-border-radius-bottom-left:0px;--awb-padding-top:50px;--awb-padding-right:300px;--awb-padding-left:300px;--awb-flex-wrap:wrap;\" ><div class=\"fusion-builder-row fusion-row\"><div class=\"fusion-layout-column fusion_builder_column fusion-builder-column-12 fusion_builder_column_1_4 1_4 fusion-one-fourth fusion-column-first fusion-animated\" style=\"--awb-bg-size:cover;width:25%;width:calc(25% - ( ( 4% ) * 0.25 ) );margin-right: 4%;\" data-animationType=\"slideInLeft\" data-animationDuration=\"0.4\" data-animationOffset=\"top-into-view\"><div class=\"fusion-column-wrapper fusion-column-has-shadow fusion-flex-column-wrapper-legacy\"><div class=\"fusion-image-element in-legacy-container\" style=\"--awb-caption-title-font-family:var(--h2_typography-font-family);--awb-caption-title-font-weight:var(--h2_typography-font-weight);--awb-caption-title-font-style:var(--h2_typography-font-style);--awb-caption-title-size:var(--h2_typography-font-size);--awb-caption-title-transform:var(--h2_typography-text-transform);--awb-caption-title-line-height:var(--h2_typography-line-height);--awb-caption-title-letter-spacing:var(--h2_typography-letter-spacing);\"><span class=\" fusion-imageframe imageframe-none imageframe-1 hover-type-none imagem-about-me\"><img decoding=\"async\" width=\"225\" height=\"225\" title=\"guida\" src=\"https:\/\/casa-da-avenida.pt\/wp-content\/uploads\/2018\/04\/guida.jpg\" alt class=\"img-responsive wp-image-816\" srcset=\"https:\/\/casa-da-avenida.pt\/wp-content\/uploads\/2018\/04\/guida-200x200.jpg 200w, https:\/\/casa-da-avenida.pt\/wp-content\/uploads\/2018\/04\/guida.jpg 225w\" sizes=\"(max-width: 800px) 100vw, 225px\" \/><\/span><\/div><div class=\"fusion-clearfix\"><\/div><\/div><\/div><div class=\"fusion-layout-column fusion_builder_column fusion-builder-column-13 fusion_builder_column_2_3 2_3 fusion-two-third fusion-column-last fusion-animated\" style=\"--awb-bg-size:cover;width:66.666666666667%;width:calc(66.666666666667% - ( ( 4% ) * 0.66666666666667 ) );\" data-animationType=\"slideInRight\" data-animationDuration=\"0.4\" data-animationOffset=\"top-into-view\"><div class=\"fusion-column-wrapper fusion-column-has-shadow fusion-flex-column-wrapper-legacy\"><div class=\"fusion-text fusion-text-9\"><h1 style=\"text-align: left;\">Margarida Ruela<\/h1>\n<\/div><div class=\"fusion-text fusion-text-10\"><p style=\"text-align: left;\">Margarida Ruela es propietaria de Casa da Avenida Lisboa, una empresa de alquiler de vacaciones con sede en la hermosa Lisboa, Portugal. Tambi\u00e9n dirige una empresa de alquiler de equipos, Jose Ruela Lda, que ha gestionado durante m\u00e1s de 20 a\u00f1os. Despu\u00e9s de trabajar unos a\u00f1os para la aerol\u00ednea TWA, descubri\u00f3 que comunicarse con la gente era su pasi\u00f3n. Dedicada a la excelencia y muy disciplinada en su trabajo, concilia la gesti\u00f3n de la empresa de maquinaria con el alquiler vacacional, lo que la fascina. Apasionada por su trabajo, a Margarida le encanta presentar a los visitantes las maravillosas oportunidades y experiencias que Lisboa y las regiones circundantes tienen para ofrecer. Ella atribuye su \u00e9xito a la dedicaci\u00f3n, el impulso y el trabajo duro.<\/p>\n<\/div><div class=\"fusion-clearfix\"><\/div><\/div><\/div><\/div><\/div><div class=\"fusion-fullwidth fullwidth-box fusion-builder-row-8 nonhundred-percent-fullwidth non-hundred-percent-height-scrolling fusion-no-medium-visibility fusion-no-large-visibility\" style=\"--awb-border-radius-top-left:0px;--awb-border-radius-top-right:0px;--awb-border-radius-bottom-right:0px;--awb-border-radius-bottom-left:0px;--awb-padding-top:10px;--awb-padding-right:10px;--awb-padding-left:10px;--awb-flex-wrap:wrap;\" ><div class=\"fusion-builder-row fusion-row\"><div class=\"fusion-layout-column fusion_builder_column fusion-builder-column-14 fusion_builder_column_1_1 1_1 fusion-one-full fusion-column-first fusion-column-last\" style=\"--awb-bg-size:cover;\"><div class=\"fusion-column-wrapper fusion-flex-column-wrapper-legacy\"><div class=\"fusion-image-element fusion-image-align-center in-legacy-container\" style=\"text-align:center;--awb-caption-title-font-family:var(--h2_typography-font-family);--awb-caption-title-font-weight:var(--h2_typography-font-weight);--awb-caption-title-font-style:var(--h2_typography-font-style);--awb-caption-title-size:var(--h2_typography-font-size);--awb-caption-title-transform:var(--h2_typography-text-transform);--awb-caption-title-line-height:var(--h2_typography-line-height);--awb-caption-title-letter-spacing:var(--h2_typography-letter-spacing);\"><div class=\"imageframe-align-center\"><span class=\" fusion-imageframe imageframe-none imageframe-2 hover-type-none imagem-about-me-mobile\"><img decoding=\"async\" width=\"225\" height=\"225\" title=\"guida\" src=\"https:\/\/casa-da-avenida.pt\/wp-content\/uploads\/2018\/04\/guida.jpg\" alt class=\"img-responsive wp-image-816\" srcset=\"https:\/\/casa-da-avenida.pt\/wp-content\/uploads\/2018\/04\/guida-200x200.jpg 200w, https:\/\/casa-da-avenida.pt\/wp-content\/uploads\/2018\/04\/guida.jpg 225w\" sizes=\"(max-width: 800px) 100vw, 225px\" \/><\/span><\/div><\/div><div class=\"fusion-clearfix\"><\/div><\/div><\/div><div class=\"fusion-layout-column fusion_builder_column fusion-builder-column-15 fusion_builder_column_1_1 1_1 fusion-one-full fusion-column-first fusion-column-last\" style=\"--awb-bg-size:cover;\"><div class=\"fusion-column-wrapper fusion-flex-column-wrapper-legacy\"><div class=\"fusion-text fusion-text-11\"><h1 style=\"text-align: center;\">Margarida Ruela<\/h1>\n<\/div><div class=\"fusion-text fusion-text-12\"><p style=\"text-align: center;\">Margarida Ruela es propietaria de Casa da Avenida Lisboa, una empresa de alquiler de vacaciones con sede en la hermosa Lisboa, Portugal. Tambi\u00e9n dirige una empresa de alquiler de equipos, Jose Ruela Lda, que ha gestionado durante m\u00e1s de 20 a\u00f1os. Despu\u00e9s de trabajar unos a\u00f1os para la aerol\u00ednea TWA, descubri\u00f3 que comunicarse con la gente era su pasi\u00f3n. Dedicada a la excelencia y muy disciplinada en su trabajo, concilia la gesti\u00f3n de la empresa de maquinaria con el alquiler vacacional, lo que la fascina. Apasionada por su trabajo, a Margarida le encanta presentar a los visitantes las maravillosas oportunidades y experiencias que Lisboa y las regiones circundantes tienen para ofrecer. Ella atribuye su \u00e9xito a la dedicaci\u00f3n, el impulso y el trabajo duro.<\/p>\n<\/div><div class=\"fusion-clearfix\"><\/div><\/div><\/div><\/div><\/div><\/p>\n","protected":false},"excerpt":{"rendered":"","protected":false},"author":1,"featured_media":0,"parent":0,"menu_order":0,"comment_status":"closed","ping_status":"closed","template":"100-width.php","meta":{"footnotes":""},"class_list":["post-815","page","type-page","status-publish","hentry"],"_links":{"self":[{"href":"https:\/\/casa-da-avenida.pt\/es\/wp-json\/wp\/v2\/pages\/815","targetHints":{"allow":["GET"]}}],"collection":[{"href":"https:\/\/casa-da-avenida.pt\/es\/wp-json\/wp\/v2\/pages"}],"about":[{"href":"https:\/\/casa-da-avenida.pt\/es\/wp-json\/wp\/v2\/types\/page"}],"author":[{"embeddable":true,"href":"https:\/\/casa-da-avenida.pt\/es\/wp-json\/wp\/v2\/users\/1"}],"replies":[{"embeddable":true,"href":"https:\/\/casa-da-avenida.pt\/es\/wp-json\/wp\/v2\/comments?post=815"}],"version-history":[{"count":15,"href":"https:\/\/casa-da-avenida.pt\/es\/wp-json\/wp\/v2\/pages\/815\/revisions"}],"predecessor-version":[{"id":1747,"href":"https:\/\/casa-da-avenida.pt\/es\/wp-json\/wp\/v2\/pages\/815\/revisions\/1747"}],"wp:attachment":[{"href":"https:\/\/casa-da-avenida.pt\/es\/wp-json\/wp\/v2\/media?parent=815"}],"curies":[{"name":"wp","href":"https:\/\/api.w.org\/{rel}","templated":true}]}}